{"id":61,"date":"2016-02-09T16:44:18","date_gmt":"2016-02-09T16:44:18","guid":{"rendered":"http:\/\/schoenaker-institut-saar.de\/?page_id=61"},"modified":"2020-07-22T15:12:38","modified_gmt":"2020-07-22T15:12:38","slug":"team","status":"publish","type":"page","link":"https:\/\/schoenaker-institut-saar.de\/?page_id=61","title":{"rendered":"Team"},"content":{"rendered":"<h3><em>Encouragingseminare f\u00fcr Teams<\/em><\/h3>\n<h3>Ein Bewusstsein \u00fcber die eigenen Denk- F\u00fchl- u. Verhaltensweisen schaffen<\/h3>\n<p>&nbsp;<\/p>\n<p><img loading=\"lazy\" decoding=\"async\" class=\"alignnone size-full wp-image-34\" src=\"https:\/\/schoenaker-institut-saar.de\/wp-content\/uploads\/2016\/02\/punktblau.jpg\" alt=\"punktblau\" width=\"28\" height=\"19\" \/> Die F\u00e4higkeit erfolgreich zu kommunizieren<br \/>\n<img loading=\"lazy\" decoding=\"async\" class=\"alignnone size-full wp-image-34\" src=\"https:\/\/schoenaker-institut-saar.de\/wp-content\/uploads\/2016\/02\/punktblau.jpg\" alt=\"punktblau\" width=\"28\" height=\"19\" \/> Konflikte zu l\u00f6sen u. Krisen als Wachstum zu nutzen<br \/>\n<img loading=\"lazy\" decoding=\"async\" class=\"alignnone size-full wp-image-34\" src=\"https:\/\/schoenaker-institut-saar.de\/wp-content\/uploads\/2016\/02\/punktblau.jpg\" alt=\"punktblau\" width=\"28\" height=\"19\" \/> St\u00e4rken entdecken und entwickeln<br \/>\n<img loading=\"lazy\" decoding=\"async\" class=\"alignnone size-full wp-image-34\" src=\"https:\/\/schoenaker-institut-saar.de\/wp-content\/uploads\/2016\/02\/punktblau.jpg\" alt=\"punktblau\" width=\"28\" height=\"19\" \/> Steigerung des Selbstwertes- u. des Selbstbewusstseins<br \/>\n<img loading=\"lazy\" decoding=\"async\" class=\"alignnone size-full wp-image-34\" src=\"https:\/\/schoenaker-institut-saar.de\/wp-content\/uploads\/2016\/02\/punktblau.jpg\" alt=\"punktblau\" width=\"28\" height=\"19\" \/> Effiziente Gruppenarbeit<br \/>\n<img loading=\"lazy\" decoding=\"async\" class=\"alignnone size-full wp-image-34\" src=\"https:\/\/schoenaker-institut-saar.de\/wp-content\/uploads\/2016\/02\/punktblau.jpg\" alt=\"punktblau\" width=\"28\" height=\"19\" \/> Zielorientierung<\/p>\n<p>,,Selbstst\u00e4ndig sein\u201d im Team, wird erreicht durch soziale Kompetenz, die sich nicht alleine durch Methoden und Techniken erwerben l\u00e4sst. Es braucht auch ein Reifen der eigenen Pers\u00f6nlichkeit.<\/p>\n<p><strong>Seminargeb\u00fchr und Ablauf nach Absprache<\/strong><\/p>\n<p>anerkannte Referentin im Rahmen der Qualit\u00e4tsentwicklung und Umsetzung des Bildungsprogramms f\u00fcr saarl\u00e4ndische Krippen und Kinderg\u00e4rten.<\/p>\n<p>&nbsp;<\/p>\n<p>&nbsp;<\/p>\n","protected":false},"excerpt":{"rendered":"<p>Encouragingseminare f\u00fcr Teams Ein Bewusstsein \u00fcber die eigenen Denk- F\u00fchl- u. Verhaltensweisen schaffen &nbsp; Die F\u00e4higkeit erfolgreich zu kommunizieren Konflikte zu l\u00f6sen u. Krisen als Wachstum zu nutzen St\u00e4rken entdecken und entwickeln Steigerung des Selbstwertes- u. des Selbstbewusstseins Effiziente Gruppenarbeit Zielorientierung ,,Selbstst\u00e4ndig sein\u201d im Team, wird erreicht durch soziale Kompetenz, die sich nicht alleine durch &hellip; <a href=\"https:\/\/schoenaker-institut-saar.de\/?page_id=61\" class=\"more-link\"><span class=\"screen-reader-text\">\u201eTeam\u201c<\/span> weiterlesen<\/a><\/p>\n","protected":false},"author":1,"featured_media":0,"parent":25,"menu_order":4,"comment_status":"closed","ping_status":"closed","template":"","meta":{"footnotes":""},"_links":{"self":[{"href":"https:\/\/schoenaker-institut-saar.de\/index.php?rest_route=\/wp\/v2\/pages\/61"}],"collection":[{"href":"https:\/\/schoenaker-institut-saar.de\/index.php?rest_route=\/wp\/v2\/pages"}],"about":[{"href":"https:\/\/schoenaker-institut-saar.de\/index.php?rest_route=\/wp\/v2\/types\/page"}],"author":[{"embeddable":true,"href":"https:\/\/schoenaker-institut-saar.de\/index.php?rest_route=\/wp\/v2\/users\/1"}],"replies":[{"embeddable":true,"href":"https:\/\/schoenaker-institut-saar.de\/index.php?rest_route=%2Fwp%2Fv2%2Fcomments&post=61"}],"version-history":[{"count":3,"href":"https:\/\/schoenaker-institut-saar.de\/index.php?rest_route=\/wp\/v2\/pages\/61\/revisions"}],"predecessor-version":[{"id":225,"href":"https:\/\/schoenaker-institut-saar.de\/index.php?rest_route=\/wp\/v2\/pages\/61\/revisions\/225"}],"up":[{"embeddable":true,"href":"https:\/\/schoenaker-institut-saar.de\/index.php?rest_route=\/wp\/v2\/pages\/25"}],"wp:attachment":[{"href":"https:\/\/schoenaker-institut-saar.de\/index.php?rest_route=%2Fwp%2Fv2%2Fmedia&parent=61"}],"curies":[{"name":"wp","href":"https:\/\/api.w.org\/{rel}","templated":true}]}}